{"id":1640,"date":"2024-05-17T12:27:07","date_gmt":"2024-05-17T10:27:07","guid":{"rendered":"https:\/\/fundacioenricmiralles.com\/condicions-dus\/"},"modified":"2024-05-17T14:44:07","modified_gmt":"2024-05-17T12:44:07","slug":"condicions-dus","status":"publish","type":"page","link":"https:\/\/fundacioenricmiralles.com\/ca\/condicions-dus\/","title":{"rendered":"CONDICIONS D&#8217;\u00daS"},"content":{"rendered":"\n<h2 class=\"wp-block-heading\"><strong>DADES D&#8217;IDENTIFICACI\u00d3<\/strong><\/h2>\n\n<p>Esteu visitant la p\u00e0gina web <a>\u201cwwwfundacioenricmiralles.com\u201d<\/a> (d&#8217;ara endavant la Web) titularitat de Fundaci\u00f3 Enric Miralles (d&#8217;ara endavant LA FUNDACI\u00d3).<\/p>\n\n<p>En compliment de l&#8217;art. 20.2 de la Llei 34\/2002, de Serveis de la Societat de la Informaci\u00f3 i de Comer\u00e7 Electr\u00f2nic, es facilitaran les dades d&#8217;identificaci\u00f3 seg\u00fcents:<\/p>\n\n<p><strong>&#8211; Titular: Fundaci\u00f3 Enric Miralles<\/strong><\/p>\n\n<p><strong>&#8211; Adre\u00e7a: Passatge de la Pau, 10bis &#8211; 08002 Barcelona<\/strong><\/p>\n\n<p><strong>&#8211; Contacte: info@fundacioenricmiralles.com<\/strong><\/p>\n\n<p><strong>&#8211; Tel\u00e8fon: 936 241 702<\/strong><\/p>\n\n<p><strong>&#8211; CIF: G65541229<\/strong><\/p>\n\n<p>&#8211; <strong>Codi d&#8217;identificaci\u00f3 al <em>Registre de grups d&#8217;inter\u00e8s de Catalunya<\/em> :<\/strong> 3829.<\/p>\n\n<h2 class=\"wp-block-heading\"><strong>ACCEPTACI\u00d3 DE L&#8217;USUARI<\/strong><\/h2>\n\n<p>Aquestes Condicions d&#8217;\u00das regulen l&#8217;acc\u00e9s i la utilitzaci\u00f3 de la Web que LA FUNDACI\u00d3N posa a disposici\u00f3 dels usuaris d&#8217;Internet. L&#8217;acc\u00e9s a aquesta implica l&#8217;acceptaci\u00f3 sense reserves de les presents Condicions d&#8217;\u00das.<\/p>\n\n<p>LA FUNDACI\u00d3 pot oferir a trav\u00e9s de la Web serveis que podran trobar-se sotmesos a unes condicions particulars pr\u00f2pies sobre les quals s&#8217;informar\u00e0 l&#8217;Usuari en cada cas concret.<\/p>\n\n<p>LA FUNDACI\u00d3 es reserva el Dret de desenvolupar o actualitzar en qualsevol moment les Condicions d&#8217;\u00das de la Web, per tant l&#8217;usuari haur\u00e0 de llegir-les peri\u00f2dicament.<\/p>\n\n<h2 class=\"wp-block-heading\"><strong>ACC\u00c9S A LA P\u00c0GINA WEB I CONTRASENYES<\/strong><\/h2>\n\n<p>No s&#8217;exigeix \u200b\u200bla pr\u00e8via subscripci\u00f3 o registre com a Usuari per a l&#8217;acc\u00e9s i \u00fas del Web, sense perjudici que per a la utilitzaci\u00f3 de determinats serveis o continguts de la mateixa LA FUNDACI\u00d3 podr\u00e0 exigir aquesta subscripci\u00f3 o registre.<\/p>\n\n<h2 class=\"wp-block-heading\"><strong>\u00daS CORRECTE DE LA P\u00c0GINA WEB<\/strong><\/h2>\n\n<p>L&#8217;Usuari es compromet a utilitzar la Web, els continguts i serveis de conformitat amb la Llei, aquestes Condicions d&#8217;\u00das, els bons costums i l&#8217;ordre p\u00fablic. De la mateixa manera l&#8217;Usuari s&#8217;obliga a no utilitzar la Web, els seus continguts o els serveis que es prestin a trav\u00e9s d&#8217;aquesta, amb fins o efectes il\u00b7l\u00edcits o contraris al contingut de les presents Condicions d&#8217;\u00das, lesius dels interessos o Drets de tercers , o que de qualsevol manera pugui danyar, inutilitzar, fer inaccessibles o deteriorar la Web, els seus continguts o els seus serveis o impedir-ne un normal gaudi per altres Usuaris.<\/p>\n\n<p>Aix\u00ed mateix, l&#8217;Usuari s&#8217;obliga expressament a no destruir, alterar, inutilitzar o, de qualsevol altra manera, fer malb\u00e9 les dades, programes o documents electr\u00f2nics que es trobin a la Web.<\/p>\n\n<p>L&#8217;Usuari es responsabilitza de no obstaculitzar l&#8217;acc\u00e9s d&#8217;altres Usuaris mitjan\u00e7ant el consum massiu dels recursos inform\u00e0tics a trav\u00e9s dels quals LA FUNDACI\u00d3 presta el servei, o introduir programes, virus, o qualsevol altre dispositiu l\u00f2gic o seq\u00fc\u00e8ncia de car\u00e0cters que causin o siguin susceptibles de causar qualsevol tipus d&#8217;alteraci\u00f3 als sistemes inform\u00e0tics de LA FUNDACI\u00d3 o de tercers.<\/p>\n\n<h2 class=\"wp-block-heading\"><strong>PUBLICITAT<\/strong><\/h2>\n\n<p>Part de la Web pot acollir continguts publicitaris o estar patrocinat. Els anunciants i patrocinadors s\u00f3n els \u00fanics responsables d&#8217;assegurar-se que el material rem\u00e8s per a la seva inclusi\u00f3 a la web compleix les lleis que en cada cas puguin ser aplicables.<\/p>\n\n<p>La FUNDACI\u00d3 no ser\u00e0 responsable de qualsevol error, inexactitud o irregularitat que puguin incloure els continguts publicitaris o els patrocinadors. En tot cas, per interposar qualsevol reclamaci\u00f3 relacionada amb els continguts publicitaris inserits en aquest lloc web, podeu adre\u00e7ar-vos a la seg\u00fcent adre\u00e7a de correu electr\u00f2nic: info@fundacioenricmiralles.com.<\/p>\n\n<h2 class=\"wp-block-heading\"><strong>ENLLA\u00c7OS DE TERCERS<\/strong><\/h2>\n\n<p>Aquestes Condicions d&#8217;\u00das es refereixen \u00fanicament a la Web i continguts de LA FUNDACI\u00d3N, i no s&#8217;aplica als enlla\u00e7os oa les p\u00e0gines web de tercers accessibles a trav\u00e9s del Web.<\/p>\n\n<p>Per no estar les destinacions dels enlla\u00e7os esmentats sota el control de LA FUNDACI\u00d3, aquesta no \u00e9s responsable del contingut de cap de les p\u00e0gines web de destinaci\u00f3 d&#8217;un enlla\u00e7, ni de cap enlla\u00e7 incl\u00f2s en una p\u00e0gina web on s&#8217;arribi des del web de LA FUNDACI\u00d3 ni de cap canvi o actualitzaci\u00f3 de les dites p\u00e0gines.<\/p>\n\n<h2 class=\"wp-block-heading\"><strong>PROPIETAT INTEL\u00b7LECTUAL I INDUSTRIAL<\/strong><\/h2>\n\n<p>Tots els continguts de la Web, llevat que s&#8217;indiqui el contrari, s\u00f3n titularitat exclusiva de LA FUNDACI\u00d3N i, amb car\u00e0cter enunciatiu, que no \u00e9s limitatiu, el disseny gr\u00e0fic, logos, textos, il\u00b7lustracions, obres fotogr\u00e0fiques, fotografies, imatges, v\u00eddeos, material gr\u00e0fic, codi font, i altres elements art\u00edstics, creatius i\/o t\u00e8cnics que apareixen a la Web.<\/p>\n\n<p>Igualment, tots els noms comercials, marques o signes distintius de qualsevol classe continguts a la Web estan protegits per la Llei.<\/p>\n\n<p>LA FUNDACI\u00d3 no concedeix cap tipus de llic\u00e8ncia o autoritzaci\u00f3 d&#8217;\u00fas personal o comercial directe o indirecte a l&#8217;Usuari sobre els seus drets de propietat intel\u00b7lectual i industrial o sobre qualsevol altre dret relacionat amb la seva Web i els serveis que s&#8217;hi ofereixen.<\/p>\n\n<p>Per aix\u00f2, l&#8217;Usuari reconeix que la fixaci\u00f3, la reproducci\u00f3, la distribuci\u00f3, la comercialitzaci\u00f3, la transformaci\u00f3, la comunicaci\u00f3 p\u00fablica i en general, qualsevol altra forma d&#8217;explotaci\u00f3, per qualsevol procediment, de tot o part dels continguts d&#8217;aquesta Web pugui constituir una infracci\u00f3 dels Drets de propietat intel\u00b7lectual i\/o industrial de LA FUNDACI\u00d3 o del seu titular.<\/p>\n\n<h2 class=\"wp-block-heading\"><strong>SECCI\u00d3 F\u00d2RUM<\/strong><\/h2>\n\n<p>LA FUNDACI\u00d3 ofereix als Usuaris la possibilitat d&#8217;introduir comentaris i\/o de remetre fotografies per incorporar-los a les seccions corresponents, aix\u00ed com de participar en f\u00f2rums de debat i de mantenir converses amb altres usuaris. La publicaci\u00f3 dels comentaris i\/o les fotografies estan subjectes a aquestes Condicions d&#8217;\u00das.<\/p>\n\n<p>La persona identificada en cada cas com la que ha realitzat els comentaris i\/o ha enviat el material gr\u00e0fic (imatges, il\u00b7lustracions, obres fotogr\u00e0fiques, fotografies, etc.) n&#8217;\u00e9s responsable. Els comentaris i\/o selecci\u00f3 del material <s>gr\u00e0fic<\/s> no reflecteixen l&#8217;opini\u00f3 de LA FUNDACI\u00d3, ni LA FUNDACI\u00d3 fa declaracions o comentaris sobre aix\u00f2.<\/p>\n\n<p>LA FUNDACI\u00d3 no es far\u00e0 responsable, si no \u00e9s en aquells extrems a qu\u00e8 obligui la Llei, dels errors, inexactituds o irregularitats que puguin contenir els comentaris i\/o material gr\u00e0fic inserits, aix\u00ed com dels danys o perjudicis que es poguessin. ocasionar per la seva inserci\u00f3 al F\u00f2rum oa les altres seccions de la Web que permetin aquesta classe de serveis i continguts.<\/p>\n\n<p>L&#8217;Usuari subministrador del text, i\/o material gr\u00e0fic (il\u00b7lustracions, obres fotogr\u00e0fiques, fotografies, imatges, etc.) cedeix a LA FUNDAC\u00d3N els Drets per a la reproducci\u00f3, distribuci\u00f3, comunicaci\u00f3 p\u00fablica i qualsevol tipus d&#8217;activitat sobre aquests, tant en format electr\u00f2nic, digital, paper, com en qualsevol altre tipus de suport tangible o intangible per al seu \u00fas dinserci\u00f3, posar a disposici\u00f3 del p\u00fablic i comunicaci\u00f3 p\u00fablica del text i\/o material gr\u00e0fic a la Web, a fi que els altres Usuaris puguin accedir-hi.<\/p>\n\n<p>L&#8217;Usuari subministrador declara ser el titular dels Drets sobre els textos i\/o material gr\u00e0fic o, si escau, garanteix que disposa dels Drets i autoritzacions necessaris de l&#8217;autor o propietari del text i\/o material gr\u00e0fic, per utilitzar-los per part de LA FUNDACI\u00d3 a trav\u00e9s de la Web.<\/p>\n\n<p>LA FUNDACI\u00d3 no es far\u00e0 responsable, a excepci\u00f3 dels extrems a qu\u00e8 obligui la Llei, dels danys o perjudicis que es puguin ocasionar per l&#8217;\u00fas, la reproducci\u00f3, la distribuci\u00f3 o la comunicaci\u00f3 p\u00fablica o qualsevol tipus d&#8217;activitat que realitzi sobre els textos i\/ o material gr\u00e0fic que estiguin protegits per Drets de propietat intel\u00b7lectual o d&#8217;imatge pertanyents a tercers, sense que l&#8217;Usuari hagi obtingut pr\u00e8viament dels seus titulars l&#8217;autoritzaci\u00f3 necess\u00e0ria per dur a terme l&#8217;\u00fas que efectua o pret\u00e9n efectuar.<\/p>\n\n<p>Aix\u00ed mateix, LA FUNDACI\u00d3N es reserva el Dret de retirar de forma unilateral els comentaris i\/o material gr\u00e0fic albergats a qualsevol secci\u00f3 de la Web, quan hi hagi indicis que els comentaris i\/o material gr\u00e0fic infringeixen la Llei, vulneren Drets de tercers <s>,<\/s>  o s\u00f3n utilitzats amb fins publicitaris (spam), aix\u00ed com quan LA FUNDACI\u00d3 ho estimi oport\u00fa.<\/p>\n\n<p>LA FUNDACI\u00d3 no ser\u00e0 responsable per la informaci\u00f3 enviada per l&#8217;usuari quan no tingui coneixement efectiu que la informaci\u00f3 emmagatzemada \u00e9s il\u00b7l\u00edcita o que lesiona b\u00e9ns o drets d&#8217;un tercer susceptibles d&#8217;indemnitzaci\u00f3. En el moment que LA FUNDACI\u00d3 tingui coneixement efectiu que allotja dades com les referides anteriorment, es compromet a actuar amb dilig\u00e8ncia per retirar-les o fer impossible accedir-hi.<\/p>\n\n<p>D&#8217;altra banda, LA FUNDACI\u00d3N es compromet que no s&#8217;utilitzi o cedeixi a tercers el text i\/o el material gr\u00e0fic subministrat per l&#8217;usuari per a fins aliens als de publicaci\u00f3 a la seva web. Per a qualsevol altre \u00fas, la FUNDACI\u00d3 haur\u00e0 d&#8217;informar l&#8217;usuari i, si escau, sol\u00b7licitar l&#8217;autoritzaci\u00f3 oportuna.<\/p>\n\n<p>En tot cas, per interposar qualsevol reclamaci\u00f3 relacionada amb els continguts inserits en qualsevol de les seccions, ho podeu fer adre\u00e7ant-vos a la seg\u00fcent adre\u00e7a de correu electr\u00f2nic: <a href=\"mailto:info@fundacioenricmiralles.com\">info@fundacioenricmiralles.com<\/a> .<\/p>\n\n<h2 class=\"wp-block-heading\"><strong>XARXES SOCIALS<\/strong><\/h2>\n\n<p>L&#8217;usuari podr\u00e0 unir-se als Canals que LA FUNDACI\u00d3 t\u00e9 a diferents xarxes socials, aix\u00ed com a la seva pr\u00f2pia Comunitat virtual descrita a l&#8217;apartat anterior, amb la finalitat de compartir informaci\u00f3, comentaris de qualsevol tipus i posar-se en contacte amb altres usuaris del Grup.<\/p>\n\n<p>L&#8217;usuari que es faci membre del Canal accepta les condicions d&#8217;\u00fas i pol\u00edtica de privadesa de la xarxa social corresponent.<\/p>\n\n<h2 class=\"wp-block-heading\"><strong>PROTECCI\u00d3 DE DADES DE CAR\u00c0CTER PERSONAL<\/strong><\/h2>\n\n<p>A trav\u00e9s d&#8217;aquest lloc web es recullen dades de car\u00e0cter personal dels usuaris, per la qual cosa preguem que l&#8217;usuari llegeixi atentament la nostra Pol\u00edtica de Privadesa.<\/p>\n\n<p>Aix\u00ed mateix, us informem que LA FUNDACI\u00d3N utilitza cookies per recollir informaci\u00f3 dels usuaris i registra les adreces IP d&#8217;acc\u00e9s, per la qual cosa preguem, igualment, que l&#8217;usuari llegeixi atentament la nostra <a href=\"https:\/\/fundacioenricmiralles.com\/ca\/politica-dus-de-cookies\/\">Pol\u00edtica de Cookies<\/a> .<\/p>\n\n<p>S&#8217;informa a l&#8217;Usuari que, en qualsevol cas, les dades de car\u00e0cter personal demanades mitjan\u00e7ant aquesta Web seran tractades en compliment del previst al Reglament General de Protecci\u00f3 de Dades de Car\u00e0cter Personal ia la Legislaci\u00f3 espanyola aplicable i per a les finalitats indicades a les citades Pol\u00edtica de Privadesa i Pol\u00edtica de Cookies.<\/p>\n\n<h2 class=\"wp-block-heading\"><strong>IDENTIFICADOR \u00daNIC<\/strong><\/h2>\n\n<p>LA FUNDACI\u00d3 capta i registra l&#8217;ID dels dispositius des dels quals els visitants de la Web accedeixen a aquesta i assigna a cadascun un identificador \u00fanic basat en la tecnologia del navegador d&#8217;empremtes digitals.<\/p>\n\n<p>En aquest sentit, la informaci\u00f3 obtinguda com a conseq\u00fc\u00e8ncia de l&#8217;\u00fas de l&#8217;identificador \u00fanic esmentat ser\u00e0 incorporada a un fitxer de titularitat de la FUNDACI\u00d3 Companyia, i seran tractats de conformitat amb la pol\u00edtica de privadesa del Web.<\/p>\n\n<h2 class=\"wp-block-heading\"><strong>COOKIES<\/strong><\/h2>\n\n<p>Aquest web utilitza cookies. Les cookies s\u00f3n petits fitxers de dades que es generen a l&#8217;ordinador de l&#8217;usuari i que permeten con\u00e8ixer la informaci\u00f3 seg\u00fcent:<\/p>\n\n<p>La data i hora de l&#8217;\u00faltima vegada que l&#8217;usuari va visitar la nostra web.<\/p>\n\n<p>La selecci\u00f3 de continguts que l&#8217;usuari va escollir en la darrera visita a la web.<\/p>\n\n<p>Elements de seguretat que intervenen en el control dacc\u00e9s a les \u00e0rees restringides.<\/p>\n\n<p>L&#8217;Usuari t\u00e9 l&#8217;opci\u00f3 d&#8217;impedir la generaci\u00f3 de cookies, mitjan\u00e7ant la selecci\u00f3 de la corresponent opci\u00f3 al programa Navegador.<\/p>\n\n<p>Si voleu obtenir m\u00e9s informaci\u00f3 sobre l&#8217;\u00fas que est\u00e0 p\u00e0gina web realitza de les cookies, si us plau, llegiu la <a href=\"https:\/\/fundacioenricmiralles.com\/ca\/politica-dus-de-cookies\/\">pol\u00edtica d&#8217;\u00fas de cookies<\/a> .<\/p>\n\n<h2 class=\"wp-block-heading\"><strong>LLEI APLICABLE I JURISDICCI\u00d3<\/strong><\/h2>\n\n<p>La relaci\u00f3 entre LA FUNDACI\u00d3N i l&#8217;Usuari es regir\u00e0 per la normativa espanyola vigent i qualsevol controv\u00e8rsia se sotmetr\u00e0 als jutjats i tribunals de Barcelona, \u200b\u200brenunciat expressament a qualsevol altre f\u00f2rum.<\/p>\n\n<p>LA FUNDACI\u00d3 perseguir\u00e0 l&#8217;incompliment de les presents Condicions d&#8217;\u00das, aix\u00ed com qualsevol utilitzaci\u00f3 indeguda de la Web, exercint totes les accions civils i penals que puguin correspondre i assisteixin en Dret.<\/p>\n","protected":false},"excerpt":{"rendered":"<p>DADES D&#8217;IDENTIFICACI\u00d3 Esteu visitant la p\u00e0gina web \u201cwwwfundacioenricmiralles.com\u201d (d&#8217;ara endavant la Web) titularitat de Fundaci\u00f3 Enric Miralles (d&#8217;ara endavant LA FUNDACI\u00d3). En compliment de l&#8217;art. 20.2 de la Llei 34\/2002, de Serveis de la Societat de la Informaci\u00f3 i de Comer\u00e7 Electr\u00f2nic, es facilitaran les dades d&#8217;identificaci\u00f3 seg\u00fcents: &#8211; Titular: Fundaci\u00f3 Enric Miralles &#8211; Adre\u00e7a: [&hellip;]<\/p>\n","protected":false},"author":1,"featured_media":0,"parent":0,"menu_order":0,"comment_status":"closed","ping_status":"closed","template":"","meta":{"_acf_changed":false,"footnotes":""},"class_list":["post-1640","page","type-page","status-publish","hentry"],"acf":[],"_links":{"self":[{"href":"https:\/\/fundacioenricmiralles.com\/ca\/wp-json\/wp\/v2\/pages\/1640","targetHints":{"allow":["GET"]}}],"collection":[{"href":"https:\/\/fundacioenricmiralles.com\/ca\/wp-json\/wp\/v2\/pages"}],"about":[{"href":"https:\/\/fundacioenricmiralles.com\/ca\/wp-json\/wp\/v2\/types\/page"}],"author":[{"embeddable":true,"href":"https:\/\/fundacioenricmiralles.com\/ca\/wp-json\/wp\/v2\/users\/1"}],"replies":[{"embeddable":true,"href":"https:\/\/fundacioenricmiralles.com\/ca\/wp-json\/wp\/v2\/comments?post=1640"}],"version-history":[{"count":5,"href":"https:\/\/fundacioenricmiralles.com\/ca\/wp-json\/wp\/v2\/pages\/1640\/revisions"}],"predecessor-version":[{"id":1688,"href":"https:\/\/fundacioenricmiralles.com\/ca\/wp-json\/wp\/v2\/pages\/1640\/revisions\/1688"}],"wp:attachment":[{"href":"https:\/\/fundacioenricmiralles.com\/ca\/wp-json\/wp\/v2\/media?parent=1640"}],"curies":[{"name":"wp","href":"https:\/\/api.w.org\/{rel}","templated":true}]}}